{"id":630,"date":"2018-10-30T12:10:45","date_gmt":"2018-10-30T11:10:45","guid":{"rendered":"https:\/\/mtrental.eu\/wedding-cars\/"},"modified":"2022-12-04T12:03:40","modified_gmt":"2022-12-04T11:03:40","slug":"svadobne-auta","status":"publish","type":"page","link":"https:\/\/mtrental.eu\/sk\/svadobne-auta\/","title":{"rendered":"Svadobn\u00e9 aut\u00e1"},"content":{"rendered":"<p>Chyst\u00e1 sa svadba? Svadba je najv\u00fdznamnej\u0161\u00edm d\u0148om v \u017eivote nevesty a \u017een\u00edcha. De\u0148 D potrebuje ma\u0165 aj najlep\u0161ie auto. Vyberte si z na\u0161ej ponuky svadobn\u00fdch \u00e1ut. Rezervujte online alebo telefonicky. Ak m\u00e1te ot\u00e1zky \u010di potrebujete poradi\u0165 s v\u00fdberom zavolajte n\u00e1m na\u00a0<a href=\"tel:+421 908 925 204\">+421 908 925 204<\/a><\/p>\n<p><!-- BEGIN .fleet-block-wrapper -->\r\n<div class=\"fleet-block-wrapper fleet-3-cols clearfix\">\r\n<h4><div class=\"item-type-label\">Middle class<\/div><\/h4><div class=\"row\">    <!-- BEGIN .fleet-block -->\n    <div class=\"fleet-block\">\n                <div class=\"fleet-block-image\">\n            <a href=\"https:\/\/mtrental.eu\/sk\/auto\/skoda-skoda-octavia-2020-2\/\"><img decoding=\"async\" src=\"https:\/\/mtrental.eu\/wp-content\/uploads\/CarRentalGallery\/thumb_1628625386_EFB00D9F-CC0D-43B6-8352-A341A4C04EAB.png\" alt=\"\u0160koda Skoda octavia 2020 \" \/><\/a>\n        <\/div>\n                <div class=\"fleet-block-content\">\n            <div class=\"fleet-price\">Cena od   70 EUR \/ De\u0148<\/div>\n            <h4>\n                <a href=\"https:\/\/mtrental.eu\/car\/skoda-skoda-octavia-2020-2\/\" title=\"Zobrazi\u0165 popis vozu\">\u0160koda Skoda octavia 2020<\/a>            <\/h4>\n            <div class=\"title-block3\"><\/div>\n            <ul class=\"list-style4\">\n                                        <li>\n                            <i class=\"fa fa-tachometer\"><\/i>\n                            <span class=\"highlight\"> Palivo:<\/span> Benz\u00edn                            \n                        <\/li>\n                \n                                        <li>\n                            <i class=\"fa fa-car\"><\/i>\n                            <span class=\"highlight\">Kateg\u00f3ria:<\/span> Stredn\u00e1 trieda                          \n                        <\/li>\n                \n                                        <li>\n                        <i class=\"fa fa-cogs\"><\/i>\n                        <span class=\"highlight\">Prevodovka:<\/span> Automatick\u00e1                            \n                        <\/li>\n\n                \n                \n                                        <li>\n                        <i class=\"fa fa-users\"><\/i>\n                        <span class=\"highlight\">Max. po\u010det cestuj\u00facich:<\/span> 5                        <\/li>\n                \n            <\/ul>\n        <\/div>\n    <!-- END .fleet-block -->\n    <\/div>\n\n\n\n    <!-- BEGIN .fleet-block -->\n    <div class=\"fleet-block\">\n                <div class=\"fleet-block-image\">\n            <a href=\"https:\/\/mtrental.eu\/sk\/auto\/vw-passat-combi-2015\/\"><img decoding=\"async\" src=\"https:\/\/mtrental.eu\/wp-content\/uploads\/CarRentalGallery\/thumb_ab_orig_74651525_volkswagen-passat-variant-2018-volkswagen-passat-variant-1-4-tsi-bmt-comfortline-act.png\" alt=\"VW Passat combi 2019 \" \/><\/a>\n        <\/div>\n                <div class=\"fleet-block-content\">\n            <div class=\"fleet-price\">Cena od   98 EUR \/ De\u0148<\/div>\n            <h4>\n                <a href=\"https:\/\/mtrental.eu\/car\/vw-passat-combi-2015\/\" title=\"Zobrazi\u0165 popis vozu\">VW Passat combi 2019<\/a>            <\/h4>\n            <div class=\"title-block3\"><\/div>\n            <ul class=\"list-style4\">\n                                        <li>\n                            <i class=\"fa fa-tachometer\"><\/i>\n                            <span class=\"highlight\"> Palivo:<\/span> Diesel                            \n                        <\/li>\n                \n                                        <li>\n                            <i class=\"fa fa-car\"><\/i>\n                            <span class=\"highlight\">Kateg\u00f3ria:<\/span> Stredn\u00e1 trieda                          \n                        <\/li>\n                \n                                        <li>\n                        <i class=\"fa fa-cogs\"><\/i>\n                        <span class=\"highlight\">Prevodovka:<\/span> Automatick\u00e1                            \n                        <\/li>\n\n                \n                \n                                        <li>\n                        <i class=\"fa fa-users\"><\/i>\n                        <span class=\"highlight\">Max. po\u010det cestuj\u00facich:<\/span> 5                        <\/li>\n                \n            <\/ul>\n        <\/div>\n    <!-- END .fleet-block -->\n    <\/div>\n\n\n\n    <!-- BEGIN .fleet-block -->\n    <div class=\"fleet-block\">\n                <div class=\"fleet-block-image\">\n            <a href=\"https:\/\/mtrental.eu\/sk\/auto\/mercedes-c-class-combi-2018\/\"><img decoding=\"async\" src=\"https:\/\/mtrental.eu\/wp-content\/uploads\/CarRentalGallery\/thumb_1535982320_c_class_combi.png\" alt=\"Mercedes C class combi \" \/><\/a>\n        <\/div>\n                <div class=\"fleet-block-content\">\n            <div class=\"fleet-price\">Cena od   100 EUR \/ De\u0148<\/div>\n            <h4>\n                <a href=\"https:\/\/mtrental.eu\/car\/mercedes-c-class-combi-2018\/\" title=\"Zobrazi\u0165 popis vozu\">Mercedes C class combi<\/a>            <\/h4>\n            <div class=\"title-block3\"><\/div>\n            <ul class=\"list-style4\">\n                                        <li>\n                            <i class=\"fa fa-tachometer\"><\/i>\n                            <span class=\"highlight\"> Palivo:<\/span> Diesel                            \n                        <\/li>\n                \n                                        <li>\n                            <i class=\"fa fa-car\"><\/i>\n                            <span class=\"highlight\">Kateg\u00f3ria:<\/span> Stredn\u00e1 trieda                          \n                        <\/li>\n                \n                                        <li>\n                        <i class=\"fa fa-cogs\"><\/i>\n                        <span class=\"highlight\">Prevodovka:<\/span> Automatick\u00e1                            \n                        <\/li>\n\n                \n                \n                                        <li>\n                        <i class=\"fa fa-users\"><\/i>\n                        <span class=\"highlight\">Max. po\u010det cestuj\u00facich:<\/span> 5                        <\/li>\n                \n            <\/ul>\n        <\/div>\n    <!-- END .fleet-block -->\n    <\/div>\n\n\n\n<\/div><!-- END .fleet-block-wrapper -->\r\n<\/div>\r\n<br \/>\n<!-- BEGIN .fleet-block-wrapper -->\r\n<div class=\"fleet-block-wrapper fleet-3-cols clearfix\">\r\n<h4><div class=\"item-type-label\">SUV class<\/div><\/h4><div class=\"row\">    <!-- BEGIN .fleet-block -->\n    <div class=\"fleet-block\">\n                <div class=\"fleet-block-image\">\n            <a href=\"https:\/\/mtrental.eu\/sk\/auto\/kia-proceed-2020\/\"><img decoding=\"async\" src=\"https:\/\/mtrental.eu\/wp-content\/uploads\/CarRentalGallery\/thumb_kia_proceed_2020_black.jpg\" alt=\"Kia Proceed 2020 \" \/><\/a>\n        <\/div>\n                <div class=\"fleet-block-content\">\n            <div class=\"fleet-price\">Cena od   59 EUR \/ De\u0148<\/div>\n            <h4>\n                <a href=\"https:\/\/mtrental.eu\/car\/kia-proceed-2020\/\" title=\"Zobrazi\u0165 popis vozu\">Kia Proceed 2020<\/a>            <\/h4>\n            <div class=\"title-block3\"><\/div>\n            <ul class=\"list-style4\">\n                                        <li>\n                            <i class=\"fa fa-tachometer\"><\/i>\n                            <span class=\"highlight\"> Palivo:<\/span> Diesel                            \n                        <\/li>\n                \n                                        <li>\n                            <i class=\"fa fa-car\"><\/i>\n                            <span class=\"highlight\">Kateg\u00f3ria:<\/span> SUV trieda                          \n                        <\/li>\n                \n                                        <li>\n                        <i class=\"fa fa-cogs\"><\/i>\n                        <span class=\"highlight\">Prevodovka:<\/span> Automatick\u00e1                            \n                        <\/li>\n\n                \n                \n                \n            <\/ul>\n        <\/div>\n    <!-- END .fleet-block -->\n    <\/div>\n\n\n\n    <!-- BEGIN .fleet-block -->\n    <div class=\"fleet-block\">\n                <div class=\"fleet-block-image\">\n            <a href=\"https:\/\/mtrental.eu\/sk\/auto\/vw-t-roc\/\"><img decoding=\"async\" src=\"https:\/\/mtrental.eu\/wp-content\/uploads\/CarRentalGallery\/thumb_VW_T-Roc_2023_black.jpg\" alt=\"VW T-Roc 2023 \" \/><\/a>\n        <\/div>\n                <div class=\"fleet-block-content\">\n            <div class=\"fleet-price\">Cena od   59 EUR \/ De\u0148<\/div>\n            <h4>\n                <a href=\"https:\/\/mtrental.eu\/car\/vw-t-roc\/\" title=\"Zobrazi\u0165 popis vozu\">VW T-Roc 2023<\/a>            <\/h4>\n            <div class=\"title-block3\"><\/div>\n            <ul class=\"list-style4\">\n                                        <li>\n                            <i class=\"fa fa-tachometer\"><\/i>\n                            <span class=\"highlight\"> Palivo:<\/span> Benz\u00edn                            \n                        <\/li>\n                \n                                        <li>\n                            <i class=\"fa fa-car\"><\/i>\n                            <span class=\"highlight\">Kateg\u00f3ria:<\/span> SUV trieda                          \n                        <\/li>\n                \n                                        <li>\n                        <i class=\"fa fa-cogs\"><\/i>\n                        <span class=\"highlight\">Prevodovka:<\/span> Automatick\u00e1                            \n                        <\/li>\n\n                \n                \n                \n            <\/ul>\n        <\/div>\n    <!-- END .fleet-block -->\n    <\/div>\n\n\n\n    <!-- BEGIN .fleet-block -->\n    <div class=\"fleet-block\">\n                <div class=\"fleet-block-image\">\n            <a href=\"https:\/\/mtrental.eu\/sk\/auto\/hyundai-tucson-2023\/\"><img decoding=\"async\" src=\"https:\/\/mtrental.eu\/wp-content\/uploads\/CarRentalGallery\/thumb_Hyundai_Tucson_2023_black.jpg\" alt=\"Hyundai Tucson 2023 \" \/><\/a>\n        <\/div>\n                <div class=\"fleet-block-content\">\n            <div class=\"fleet-price\">Cena od   69 EUR \/ De\u0148<\/div>\n            <h4>\n                <a href=\"https:\/\/mtrental.eu\/car\/hyundai-tucson-2023\/\" title=\"Zobrazi\u0165 popis vozu\">Hyundai Tucson 2023<\/a>            <\/h4>\n            <div class=\"title-block3\"><\/div>\n            <ul class=\"list-style4\">\n                                        <li>\n                            <i class=\"fa fa-tachometer\"><\/i>\n                            <span class=\"highlight\"> Palivo:<\/span> Diesel                            \n                        <\/li>\n                \n                                        <li>\n                            <i class=\"fa fa-car\"><\/i>\n                            <span class=\"highlight\">Kateg\u00f3ria:<\/span> SUV trieda                          \n                        <\/li>\n                \n                                        <li>\n                        <i class=\"fa fa-cogs\"><\/i>\n                        <span class=\"highlight\">Prevodovka:<\/span> Automatick\u00e1                            \n                        <\/li>\n\n                \n                \n                \n            <\/ul>\n        <\/div>\n    <!-- END .fleet-block -->\n    <\/div>\n\n\n\n    <!-- BEGIN .fleet-block -->\n    <div class=\"fleet-block\">\n                <div class=\"fleet-block-image\">\n            <a href=\"https:\/\/mtrental.eu\/sk\/auto\/jeep-compass-2023\/\"><img decoding=\"async\" src=\"https:\/\/mtrental.eu\/wp-content\/uploads\/CarRentalGallery\/thumb_1714685363_Jeep_Compass_2023_black.jpg\" alt=\"Jeep Compass 2023 \" \/><\/a>\n        <\/div>\n                <div class=\"fleet-block-content\">\n            <div class=\"fleet-price\">Cena od   69 EUR \/ De\u0148<\/div>\n            <h4>\n                <a href=\"https:\/\/mtrental.eu\/car\/jeep-compass-2023\/\" title=\"Zobrazi\u0165 popis vozu\">Jeep Compass 2023<\/a>            <\/h4>\n            <div class=\"title-block3\"><\/div>\n            <ul class=\"list-style4\">\n                                        <li>\n                            <i class=\"fa fa-tachometer\"><\/i>\n                            <span class=\"highlight\"> Palivo:<\/span> Benz\u00edn                            \n                        <\/li>\n                \n                                        <li>\n                            <i class=\"fa fa-car\"><\/i>\n                            <span class=\"highlight\">Kateg\u00f3ria:<\/span> SUV trieda                          \n                        <\/li>\n                \n                                        <li>\n                        <i class=\"fa fa-cogs\"><\/i>\n                        <span class=\"highlight\">Prevodovka:<\/span> Automatick\u00e1                            \n                        <\/li>\n\n                \n                \n                \n            <\/ul>\n        <\/div>\n    <!-- END .fleet-block -->\n    <\/div>\n\n\n\n    <!-- BEGIN .fleet-block -->\n    <div class=\"fleet-block\">\n                <div class=\"fleet-block-image\">\n            <a href=\"https:\/\/mtrental.eu\/sk\/auto\/skoda-karoq-2023\/\"><img decoding=\"async\" src=\"https:\/\/mtrental.eu\/wp-content\/uploads\/CarRentalGallery\/thumb_Skoda_Karoq_2023_black.jpg\" alt=\"\u0160koda Karoq 2023 \" \/><\/a>\n        <\/div>\n                <div class=\"fleet-block-content\">\n            <div class=\"fleet-price\">Cena od   69 EUR \/ De\u0148<\/div>\n            <h4>\n                <a href=\"https:\/\/mtrental.eu\/car\/skoda-karoq-2023\/\" title=\"Zobrazi\u0165 popis vozu\">\u0160koda Karoq 2023<\/a>            <\/h4>\n            <div class=\"title-block3\"><\/div>\n            <ul class=\"list-style4\">\n                                        <li>\n                            <i class=\"fa fa-tachometer\"><\/i>\n                            <span class=\"highlight\"> Palivo:<\/span> Diesel                            \n                        <\/li>\n                \n                                        <li>\n                            <i class=\"fa fa-car\"><\/i>\n                            <span class=\"highlight\">Kateg\u00f3ria:<\/span> SUV trieda                          \n                        <\/li>\n                \n                                        <li>\n                        <i class=\"fa fa-cogs\"><\/i>\n                        <span class=\"highlight\">Prevodovka:<\/span> Automatick\u00e1                            \n                        <\/li>\n\n                \n                \n                \n            <\/ul>\n        <\/div>\n    <!-- END .fleet-block -->\n    <\/div>\n\n\n\n    <!-- BEGIN .fleet-block -->\n    <div class=\"fleet-block\">\n                <div class=\"fleet-block-image\">\n            <a href=\"https:\/\/mtrental.eu\/sk\/auto\/jaguar-e-pace-2\/\"><img decoding=\"async\" src=\"https:\/\/mtrental.eu\/wp-content\/uploads\/CarRentalGallery\/thumb_Jaguar_E-PACE_2022_black.jpg\" alt=\"Jaguar E-PACE 2022 \" \/><\/a>\n        <\/div>\n                <div class=\"fleet-block-content\">\n            <div class=\"fleet-price\">Cena od   76 EUR \/ De\u0148<\/div>\n            <h4>\n                <a href=\"https:\/\/mtrental.eu\/car\/jaguar-e-pace-2\/\" title=\"Zobrazi\u0165 popis vozu\">Jaguar E-PACE 2022<\/a>            <\/h4>\n            <div class=\"title-block3\"><\/div>\n            <ul class=\"list-style4\">\n                                        <li>\n                            <i class=\"fa fa-tachometer\"><\/i>\n                            <span class=\"highlight\"> Palivo:<\/span> Diesel                            \n                        <\/li>\n                \n                                        <li>\n                            <i class=\"fa fa-car\"><\/i>\n                            <span class=\"highlight\">Kateg\u00f3ria:<\/span> SUV trieda                          \n                        <\/li>\n                \n                                        <li>\n                        <i class=\"fa fa-cogs\"><\/i>\n                        <span class=\"highlight\">Prevodovka:<\/span> Automatick\u00e1                            \n                        <\/li>\n\n                \n                \n                \n            <\/ul>\n        <\/div>\n    <!-- END .fleet-block -->\n    <\/div>\n\n\n\n    <!-- BEGIN .fleet-block -->\n    <div class=\"fleet-block\">\n                <div class=\"fleet-block-image\">\n            <a href=\"https:\/\/mtrental.eu\/sk\/auto\/land-rover-range-rover-evoque-2022\/\"><img decoding=\"async\" src=\"https:\/\/mtrental.eu\/wp-content\/uploads\/CarRentalGallery\/thumb_1714515263_Range_Rover_Evoque_2022_black.jpg\" alt=\"Land Rover Range Rover Evoque 2022 \" \/><\/a>\n        <\/div>\n                <div class=\"fleet-block-content\">\n            <div class=\"fleet-price\">Cena od   85 EUR \/ De\u0148<\/div>\n            <h4>\n                <a href=\"https:\/\/mtrental.eu\/car\/land-rover-range-rover-evoque-2022\/\" title=\"Zobrazi\u0165 popis vozu\">Land Rover Range Rover Evoque 2022<\/a>            <\/h4>\n            <div class=\"title-block3\"><\/div>\n            <ul class=\"list-style4\">\n                                        <li>\n                            <i class=\"fa fa-tachometer\"><\/i>\n                            <span class=\"highlight\"> Palivo:<\/span> Diesel                            \n                        <\/li>\n                \n                                        <li>\n                            <i class=\"fa fa-car\"><\/i>\n                            <span class=\"highlight\">Kateg\u00f3ria:<\/span> SUV trieda                          \n                        <\/li>\n                \n                                        <li>\n                        <i class=\"fa fa-cogs\"><\/i>\n                        <span class=\"highlight\">Prevodovka:<\/span> Automatick\u00e1                            \n                        <\/li>\n\n                \n                \n                \n            <\/ul>\n        <\/div>\n    <!-- END .fleet-block -->\n    <\/div>\n\n\n\n    <!-- BEGIN .fleet-block -->\n    <div class=\"fleet-block\">\n                <div class=\"fleet-block-image\">\n            <a href=\"https:\/\/mtrental.eu\/sk\/auto\/mercedes-glc-amg-2017\/\"><img decoding=\"async\" src=\"https:\/\/mtrental.eu\/wp-content\/uploads\/CarRentalGallery\/thumb_2017-Mercedes-Benz-GLC-43-4MATIC-2.png\" alt=\"Mercedes GLC AMG 2019 \" \/><\/a>\n        <\/div>\n                <div class=\"fleet-block-content\">\n            <div class=\"fleet-price\">Cena od   112 EUR \/ De\u0148<\/div>\n            <h4>\n                <a href=\"https:\/\/mtrental.eu\/car\/mercedes-glc-amg-2017\/\" title=\"Zobrazi\u0165 popis vozu\">Mercedes GLC AMG 2019<\/a>            <\/h4>\n            <div class=\"title-block3\"><\/div>\n            <ul class=\"list-style4\">\n                                        <li>\n                            <i class=\"fa fa-tachometer\"><\/i>\n                            <span class=\"highlight\"> Palivo:<\/span> Diesel                            \n                        <\/li>\n                \n                                        <li>\n                            <i class=\"fa fa-car\"><\/i>\n                            <span class=\"highlight\">Kateg\u00f3ria:<\/span> SUV trieda                          \n                        <\/li>\n                \n                                        <li>\n                        <i class=\"fa fa-cogs\"><\/i>\n                        <span class=\"highlight\">Prevodovka:<\/span> Automatick\u00e1                            \n                        <\/li>\n\n                \n                \n                                        <li>\n                        <i class=\"fa fa-users\"><\/i>\n                        <span class=\"highlight\">Max. po\u010det cestuj\u00facich:<\/span> 5                        <\/li>\n                \n            <\/ul>\n        <\/div>\n    <!-- END .fleet-block -->\n    <\/div>\n\n\n\n    <!-- BEGIN .fleet-block -->\n    <div class=\"fleet-block\">\n                <div class=\"fleet-block-image\">\n            <a href=\"https:\/\/mtrental.eu\/sk\/auto\/land-rover-range-rover-sport\/\"><img decoding=\"async\" src=\"https:\/\/mtrental.eu\/wp-content\/uploads\/CarRentalGallery\/thumb_2017-land-rover-rangerover-sport-hse-suv-angular-front.png\" alt=\"Land Rover Range Rover Sport 2019 \" \/><\/a>\n        <\/div>\n                <div class=\"fleet-block-content\">\n            <div class=\"fleet-price\">Cena od   159 EUR \/ De\u0148<\/div>\n            <h4>\n                <a href=\"https:\/\/mtrental.eu\/car\/land-rover-range-rover-sport\/\" title=\"Zobrazi\u0165 popis vozu\">Land Rover Range Rover Sport 2019<\/a>            <\/h4>\n            <div class=\"title-block3\"><\/div>\n            <ul class=\"list-style4\">\n                                        <li>\n                            <i class=\"fa fa-tachometer\"><\/i>\n                            <span class=\"highlight\"> Palivo:<\/span> Diesel                            \n                        <\/li>\n                \n                                        <li>\n                            <i class=\"fa fa-car\"><\/i>\n                            <span class=\"highlight\">Kateg\u00f3ria:<\/span> SUV trieda                          \n                        <\/li>\n                \n                                        <li>\n                        <i class=\"fa fa-cogs\"><\/i>\n                        <span class=\"highlight\">Prevodovka:<\/span> Automatick\u00e1                            \n                        <\/li>\n\n                \n                \n                                        <li>\n                        <i class=\"fa fa-users\"><\/i>\n                        <span class=\"highlight\">Max. po\u010det cestuj\u00facich:<\/span> 5                        <\/li>\n                \n            <\/ul>\n        <\/div>\n    <!-- END .fleet-block -->\n    <\/div>\n\n\n\n    <!-- BEGIN .fleet-block -->\n    <div class=\"fleet-block\">\n                <div class=\"fleet-block-image\">\n            <a href=\"https:\/\/mtrental.eu\/sk\/auto\/rang-rover-sport-2021\/\"><img decoding=\"async\" src=\"https:\/\/mtrental.eu\/wp-content\/uploads\/CarRentalGallery\/thumb_1E8B6969-D56E-4A7C-ADF8-8010E78780ED.jpeg\" alt=\" Rang Rover sport 2021 \" \/><\/a>\n        <\/div>\n                <div class=\"fleet-block-content\">\n            <div class=\"fleet-price\">Cena od   200 EUR \/ De\u0148<\/div>\n            <h4>\n                <a href=\"https:\/\/mtrental.eu\/car\/rang-rover-sport-2021\/\" title=\"Zobrazi\u0165 popis vozu\"> Rang Rover sport 2021<\/a>            <\/h4>\n            <div class=\"title-block3\"><\/div>\n            <ul class=\"list-style4\">\n                                        <li>\n                            <i class=\"fa fa-tachometer\"><\/i>\n                            <span class=\"highlight\"> Palivo:<\/span> Diesel                            \n                        <\/li>\n                \n                                        <li>\n                            <i class=\"fa fa-car\"><\/i>\n                            <span class=\"highlight\">Kateg\u00f3ria:<\/span> SUV trieda                          \n                        <\/li>\n                \n                                        <li>\n                        <i class=\"fa fa-cogs\"><\/i>\n                        <span class=\"highlight\">Prevodovka:<\/span> Automatick\u00e1                            \n                        <\/li>\n\n                \n                \n                                        <li>\n                        <i class=\"fa fa-users\"><\/i>\n                        <span class=\"highlight\">Max. po\u010det cestuj\u00facich:<\/span> 5                        <\/li>\n                \n            <\/ul>\n        <\/div>\n    <!-- END .fleet-block -->\n    <\/div>\n\n\n\n    <!-- BEGIN .fleet-block -->\n    <div class=\"fleet-block\">\n                <div class=\"fleet-block-image\">\n            <a href=\"https:\/\/mtrental.eu\/sk\/auto\/land-rover-discovery-land-rover-2022\/\"><img decoding=\"async\" src=\"https:\/\/mtrental.eu\/wp-content\/uploads\/CarRentalGallery\/thumb_IMG_4923.jpeg\" alt=\"Land Rover Discovery Land Rover 2022 \" \/><\/a>\n        <\/div>\n                <div class=\"fleet-block-content\">\n            <div class=\"fleet-price\">Cena od   200 EUR \/ De\u0148<\/div>\n            <h4>\n                <a href=\"https:\/\/mtrental.eu\/car\/land-rover-discovery-land-rover-2022\/\" title=\"Zobrazi\u0165 popis vozu\">Land Rover Discovery Land Rover 2022<\/a>            <\/h4>\n            <div class=\"title-block3\"><\/div>\n            <ul class=\"list-style4\">\n                                        <li>\n                            <i class=\"fa fa-tachometer\"><\/i>\n                            <span class=\"highlight\"> Palivo:<\/span> Diesel                            \n                        <\/li>\n                \n                                        <li>\n                            <i class=\"fa fa-car\"><\/i>\n                            <span class=\"highlight\">Kateg\u00f3ria:<\/span> SUV trieda                          \n                        <\/li>\n                \n                                        <li>\n                        <i class=\"fa fa-cogs\"><\/i>\n                        <span class=\"highlight\">Prevodovka:<\/span> Automatick\u00e1                            \n                        <\/li>\n\n                \n                \n                                        <li>\n                        <i class=\"fa fa-users\"><\/i>\n                        <span class=\"highlight\">Max. po\u010det cestuj\u00facich:<\/span> 7                        <\/li>\n                \n            <\/ul>\n        <\/div>\n    <!-- END .fleet-block -->\n    <\/div>\n\n\n\n    <!-- BEGIN .fleet-block -->\n    <div class=\"fleet-block\">\n                <div class=\"fleet-block-image\">\n            <a href=\"https:\/\/mtrental.eu\/sk\/auto\/mercedes-g-class-2012\/\"><img decoding=\"async\" src=\"https:\/\/mtrental.eu\/wp-content\/uploads\/CarRentalGallery\/thumb_B593A198-1DFF-4027-A8E5-160B8BBFC9A0.jpeg\" alt=\"Mercedes G class \" \/><\/a>\n        <\/div>\n                <div class=\"fleet-block-content\">\n            <div class=\"fleet-price\">Cena od   230 EUR \/ De\u0148<\/div>\n            <h4>\n                <a href=\"https:\/\/mtrental.eu\/car\/mercedes-g-class-2012\/\" title=\"Zobrazi\u0165 popis vozu\">Mercedes G class<\/a>            <\/h4>\n            <div class=\"title-block3\"><\/div>\n            <ul class=\"list-style4\">\n                                        <li>\n                            <i class=\"fa fa-tachometer\"><\/i>\n                            <span class=\"highlight\"> Palivo:<\/span> Diesel                            \n                        <\/li>\n                \n                                        <li>\n                            <i class=\"fa fa-car\"><\/i>\n                            <span class=\"highlight\">Kateg\u00f3ria:<\/span> SUV trieda                          \n                        <\/li>\n                \n                                        <li>\n                        <i class=\"fa fa-cogs\"><\/i>\n                        <span class=\"highlight\">Prevodovka:<\/span> Automatick\u00e1                            \n                        <\/li>\n\n                \n                \n                                        <li>\n                        <i class=\"fa fa-users\"><\/i>\n                        <span class=\"highlight\">Max. po\u010det cestuj\u00facich:<\/span> 5                        <\/li>\n                \n            <\/ul>\n        <\/div>\n    <!-- END .fleet-block -->\n    <\/div>\n\n\n\n<\/div><!-- END .fleet-block-wrapper -->\r\n<\/div>\r\n<br \/>\n<!-- BEGIN .fleet-block-wrapper -->\r\n<div class=\"fleet-block-wrapper fleet-3-cols clearfix\">\r\n<h4><div class=\"item-type-label\">Business class<\/div><\/h4><div class=\"row\">    <!-- BEGIN .fleet-block -->\n    <div class=\"fleet-block\">\n                <div class=\"fleet-block-image\">\n            <a href=\"https:\/\/mtrental.eu\/sk\/auto\/mercedes-mercedes-e-class-kombi-2020\/\"><img decoding=\"async\" src=\"https:\/\/mtrental.eu\/wp-content\/uploads\/CarRentalGallery\/thumb_Mercedes_E_class_kombi_2020_black.jpg\" alt=\"Mercedes E class kombi 2020 \" \/><\/a>\n        <\/div>\n                <div class=\"fleet-block-content\">\n            <div class=\"fleet-price\">Cena od   80 EUR \/ De\u0148<\/div>\n            <h4>\n                <a href=\"https:\/\/mtrental.eu\/car\/mercedes-mercedes-e-class-kombi-2020\/\" title=\"Zobrazi\u0165 popis vozu\">Mercedes E class kombi 2020<\/a>            <\/h4>\n            <div class=\"title-block3\"><\/div>\n            <ul class=\"list-style4\">\n                                        <li>\n                            <i class=\"fa fa-tachometer\"><\/i>\n                            <span class=\"highlight\"> Palivo:<\/span> Diesel                            \n                        <\/li>\n                \n                                        <li>\n                            <i class=\"fa fa-car\"><\/i>\n                            <span class=\"highlight\">Kateg\u00f3ria:<\/span> Biznis trieda                          \n                        <\/li>\n                \n                                        <li>\n                        <i class=\"fa fa-cogs\"><\/i>\n                        <span class=\"highlight\">Prevodovka:<\/span> Automatick\u00e1                            \n                        <\/li>\n\n                \n                \n                \n            <\/ul>\n        <\/div>\n    <!-- END .fleet-block -->\n    <\/div>\n\n\n\n    <!-- BEGIN .fleet-block -->\n    <div class=\"fleet-block\">\n                <div class=\"fleet-block-image\">\n            <a href=\"https:\/\/mtrental.eu\/sk\/auto\/mercedes-e-class-2018\/\"><img decoding=\"async\" src=\"https:\/\/mtrental.eu\/wp-content\/uploads\/CarRentalGallery\/thumb_1534233242_Eclass_black.png\" alt=\"Mercedes E class 2019 \" \/><\/a>\n        <\/div>\n                <div class=\"fleet-block-content\">\n            <div class=\"fleet-price\">Cena od   159 EUR \/ De\u0148<\/div>\n            <h4>\n                <a href=\"https:\/\/mtrental.eu\/car\/mercedes-e-class-2018\/\" title=\"Zobrazi\u0165 popis vozu\">Mercedes E class 2019<\/a>            <\/h4>\n            <div class=\"title-block3\"><\/div>\n            <ul class=\"list-style4\">\n                                        <li>\n                            <i class=\"fa fa-tachometer\"><\/i>\n                            <span class=\"highlight\"> Palivo:<\/span> Diesel                            \n                        <\/li>\n                \n                                        <li>\n                            <i class=\"fa fa-car\"><\/i>\n                            <span class=\"highlight\">Kateg\u00f3ria:<\/span> Biznis trieda                          \n                        <\/li>\n                \n                                        <li>\n                        <i class=\"fa fa-cogs\"><\/i>\n                        <span class=\"highlight\">Prevodovka:<\/span> Automatick\u00e1                            \n                        <\/li>\n\n                \n                \n                                        <li>\n                        <i class=\"fa fa-users\"><\/i>\n                        <span class=\"highlight\">Max. po\u010det cestuj\u00facich:<\/span> 5                        <\/li>\n                \n            <\/ul>\n        <\/div>\n    <!-- END .fleet-block -->\n    <\/div>\n\n\n\n    <!-- BEGIN .fleet-block -->\n    <div class=\"fleet-block\">\n                <div class=\"fleet-block-image\">\n            <a href=\"https:\/\/mtrental.eu\/sk\/auto\/mercedes-s-class\/\"><img decoding=\"async\" src=\"https:\/\/mtrental.eu\/wp-content\/uploads\/CarRentalGallery\/thumb_s_class.png\" alt=\"Mercedes S class 2019 \" \/><\/a>\n        <\/div>\n                <div class=\"fleet-block-content\">\n            <div class=\"fleet-price\">Cena od   180 EUR \/ De\u0148<\/div>\n            <h4>\n                <a href=\"https:\/\/mtrental.eu\/car\/mercedes-s-class\/\" title=\"Zobrazi\u0165 popis vozu\">Mercedes S class 2019<\/a>            <\/h4>\n            <div class=\"title-block3\"><\/div>\n            <ul class=\"list-style4\">\n                                        <li>\n                            <i class=\"fa fa-tachometer\"><\/i>\n                            <span class=\"highlight\"> Palivo:<\/span> Diesel                            \n                        <\/li>\n                \n                                        <li>\n                            <i class=\"fa fa-car\"><\/i>\n                            <span class=\"highlight\">Kateg\u00f3ria:<\/span> Biznis trieda                          \n                        <\/li>\n                \n                                        <li>\n                        <i class=\"fa fa-cogs\"><\/i>\n                        <span class=\"highlight\">Prevodovka:<\/span> Automatick\u00e1                            \n                        <\/li>\n\n                \n                \n                                        <li>\n                        <i class=\"fa fa-users\"><\/i>\n                        <span class=\"highlight\">Max. po\u010det cestuj\u00facich:<\/span> 5                        <\/li>\n                \n            <\/ul>\n        <\/div>\n    <!-- END .fleet-block -->\n    <\/div>\n\n\n\n    <!-- BEGIN .fleet-block -->\n    <div class=\"fleet-block\">\n                <div class=\"fleet-block-image\">\n            <a href=\"https:\/\/mtrental.eu\/sk\/auto\/bmw-730-2018\/\"><img decoding=\"async\" src=\"https:\/\/mtrental.eu\/wp-content\/uploads\/CarRentalGallery\/thumb_bmw_730.png\" alt=\"BMW 730 2018 \" \/><\/a>\n        <\/div>\n                <div class=\"fleet-block-content\">\n            <div class=\"fleet-price\">Cena od   230 EUR \/ De\u0148<\/div>\n            <h4>\n                <a href=\"https:\/\/mtrental.eu\/car\/bmw-730-2018\/\" title=\"Zobrazi\u0165 popis vozu\">BMW 730 2018<\/a>            <\/h4>\n            <div class=\"title-block3\"><\/div>\n            <ul class=\"list-style4\">\n                                        <li>\n                            <i class=\"fa fa-tachometer\"><\/i>\n                            <span class=\"highlight\"> Palivo:<\/span> Diesel                            \n                        <\/li>\n                \n                                        <li>\n                            <i class=\"fa fa-car\"><\/i>\n                            <span class=\"highlight\">Kateg\u00f3ria:<\/span> Biznis trieda                          \n                        <\/li>\n                \n                                        <li>\n                        <i class=\"fa fa-cogs\"><\/i>\n                        <span class=\"highlight\">Prevodovka:<\/span> Automatick\u00e1                            \n                        <\/li>\n\n                \n                \n                                        <li>\n                        <i class=\"fa fa-users\"><\/i>\n                        <span class=\"highlight\">Max. po\u010det cestuj\u00facich:<\/span> 5                        <\/li>\n                \n            <\/ul>\n        <\/div>\n    <!-- END .fleet-block -->\n    <\/div>\n\n\n\n    <!-- BEGIN .fleet-block -->\n    <div class=\"fleet-block\">\n                <div class=\"fleet-block-image\">\n            <a href=\"https:\/\/mtrental.eu\/sk\/auto\/mercedes-mercedes-s-class-2022\/\"><img decoding=\"async\" src=\"https:\/\/mtrental.eu\/wp-content\/uploads\/CarRentalGallery\/thumb_4C1CCB84-2E11-46EA-94FC-6B18F39B9E6F.jpeg\" alt=\"Mercedes Mercedes S Class 2022 \" \/><\/a>\n        <\/div>\n                <div class=\"fleet-block-content\">\n            <div class=\"fleet-price\">Cena od   230 EUR \/ De\u0148<\/div>\n            <h4>\n                <a href=\"https:\/\/mtrental.eu\/car\/mercedes-mercedes-s-class-2022\/\" title=\"Zobrazi\u0165 popis vozu\">Mercedes Mercedes S Class 2022<\/a>            <\/h4>\n            <div class=\"title-block3\"><\/div>\n            <ul class=\"list-style4\">\n                                        <li>\n                            <i class=\"fa fa-tachometer\"><\/i>\n                            <span class=\"highlight\"> Palivo:<\/span> Benz\u00edn                            \n                        <\/li>\n                \n                                        <li>\n                            <i class=\"fa fa-car\"><\/i>\n                            <span class=\"highlight\">Kateg\u00f3ria:<\/span> Biznis trieda                          \n                        <\/li>\n                \n                                        <li>\n                        <i class=\"fa fa-cogs\"><\/i>\n                        <span class=\"highlight\">Prevodovka:<\/span> Automatick\u00e1                            \n                        <\/li>\n\n                \n                \n                                        <li>\n                        <i class=\"fa fa-users\"><\/i>\n                        <span class=\"highlight\">Max. po\u010det cestuj\u00facich:<\/span> 4                        <\/li>\n                \n            <\/ul>\n        <\/div>\n    <!-- END .fleet-block -->\n    <\/div>\n\n\n\n<\/div><!-- END .fleet-block-wrapper -->\r\n<\/div>\r\n<br \/>\n<!-- BEGIN .fleet-block-wrapper -->\r\n<div class=\"fleet-block-wrapper fleet-3-cols clearfix\">\r\n<div class=\"no-items-available\">\u017diadne vozidl\u00e1 k dispoz\u00edcii<\/div><!-- END .fleet-block-wrapper -->\r\n<\/div>\r\n<\/p>\n","protected":false},"excerpt":{"rendered":"<p>Chyst\u00e1 sa svadba? Svadba je najv\u00fdznamnej\u0161\u00edm d\u0148om v \u017eivote nevesty a \u017een\u00edcha. De\u0148 D potrebuje ma\u0165 aj najlep\u0161ie auto. Vyberte si z na\u0161ej ponuky svadobn\u00fdch \u00e1ut. Rezervujte online alebo telefonicky. Ak m\u00e1te ot\u00e1zky \u010di potrebujete poradi\u0165 s v\u00fdberom zavolajte n\u00e1m [&hellip;]<\/p>\n","protected":false},"author":1,"featured_media":0,"parent":0,"menu_order":0,"comment_status":"closed","ping_status":"closed","template":"page-wedding_cars.php","meta":{"footnotes":""},"yoast_head":"<!-- This site is optimized with the Yoast SEO plugin v22.4 - https:\/\/yoast.com\/wordpress\/plugins\/seo\/ -->\n<title>Svadobn\u00e9 aut\u00e1 | MTrental.eu | Pr\u00e9miov\u00e1 autopo\u017ei\u010dov\u0148a<\/title>\n<meta name=\"description\" content=\"Chyst\u00e1 sa svadba? Svadba je najv\u00fdznamnej\u0161\u00edm d\u0148om v \u017eivote nevesty a \u017een\u00edcha. De\u0148 D potrebuje ma\u0165 aj najlep\u0161ie auto. Vyberte si z na\u0161ej ponuky svadobn\u00fdch \u00e1ut. Rezervujte online alebo telefonicky. Ak m\u00e1te ot\u00e1zky \u010di potrebujete poradi\u0165 s v\u00fdberom zavolajte n\u00e1m na\u00a0+421 917 233 447\" \/>\n<meta name=\"robots\" content=\"index, follow, max-snippet:-1, max-image-preview:large, max-video-preview:-1\" \/>\n<link rel=\"canonical\" href=\"https:\/\/mtrental.eu\/sk\/svadobne-auta\/\" \/>\n<meta property=\"og:locale\" content=\"sk_SK\" \/>\n<meta property=\"og:type\" content=\"article\" \/>\n<meta property=\"og:title\" content=\"Svadobn\u00e9 aut\u00e1 | MTrental.eu | Pr\u00e9miov\u00e1 autopo\u017ei\u010dov\u0148a\" \/>\n<meta property=\"og:description\" content=\"Chyst\u00e1 sa svadba? Svadba je najv\u00fdznamnej\u0161\u00edm d\u0148om v \u017eivote nevesty a \u017een\u00edcha. De\u0148 D potrebuje ma\u0165 aj najlep\u0161ie auto. Vyberte si z na\u0161ej ponuky svadobn\u00fdch \u00e1ut. Rezervujte online alebo telefonicky. Ak m\u00e1te ot\u00e1zky \u010di potrebujete poradi\u0165 s v\u00fdberom zavolajte n\u00e1m na\u00a0+421 917 233 447\" \/>\n<meta property=\"og:url\" content=\"https:\/\/mtrental.eu\/sk\/svadobne-auta\/\" \/>\n<meta property=\"og:site_name\" content=\"MTrental.eu | Pr\u00e9miov\u00e1 autopo\u017ei\u010dov\u0148a\" \/>\n<meta property=\"article:publisher\" content=\"https:\/\/www.facebook.com\/autoprenajom\/\" \/>\n<meta property=\"article:modified_time\" content=\"2022-12-04T11:03:40+00:00\" \/>\n<meta name=\"twitter:card\" content=\"summary_large_image\" \/>\n<script type=\"application\/ld+json\" class=\"yoast-schema-graph\">{\"@context\":\"https:\/\/schema.org\",\"@graph\":[{\"@type\":\"WebPage\",\"@id\":\"https:\/\/mtrental.eu\/sk\/svadobne-auta\/\",\"url\":\"https:\/\/mtrental.eu\/sk\/svadobne-auta\/\",\"name\":\"Svadobn\u00e9 aut\u00e1 | MTrental.eu | Pr\u00e9miov\u00e1 autopo\u017ei\u010dov\u0148a\",\"isPartOf\":{\"@id\":\"https:\/\/mtrental.eu\/sk\/#website\"},\"datePublished\":\"2018-10-30T11:10:45+00:00\",\"dateModified\":\"2022-12-04T11:03:40+00:00\",\"description\":\"Chyst\u00e1 sa svadba? Svadba je najv\u00fdznamnej\u0161\u00edm d\u0148om v \u017eivote nevesty a \u017een\u00edcha. De\u0148 D potrebuje ma\u0165 aj najlep\u0161ie auto. Vyberte si z na\u0161ej ponuky svadobn\u00fdch \u00e1ut. Rezervujte online alebo telefonicky. Ak m\u00e1te ot\u00e1zky \u010di potrebujete poradi\u0165 s v\u00fdberom zavolajte n\u00e1m na\u00a0+421 917 233 447\",\"breadcrumb\":{\"@id\":\"https:\/\/mtrental.eu\/sk\/svadobne-auta\/#breadcrumb\"},\"inLanguage\":\"sk-SK\",\"potentialAction\":[{\"@type\":\"ReadAction\",\"target\":[\"https:\/\/mtrental.eu\/sk\/svadobne-auta\/\"]}]},{\"@type\":\"BreadcrumbList\",\"@id\":\"https:\/\/mtrental.eu\/sk\/svadobne-auta\/#breadcrumb\",\"itemListElement\":[{\"@type\":\"ListItem\",\"position\":1,\"name\":\"Home\",\"item\":\"https:\/\/mtrental.eu\/sk\/home\/\"},{\"@type\":\"ListItem\",\"position\":2,\"name\":\"Svadobn\u00e9 aut\u00e1\"}]},{\"@type\":\"WebSite\",\"@id\":\"https:\/\/mtrental.eu\/sk\/#website\",\"url\":\"https:\/\/mtrental.eu\/sk\/\",\"name\":\"MTrental.eu | Pr\u00e9miov\u00e1 autopo\u017ei\u010dov\u0148a\",\"description\":\"MTrental.eu - Premium car rental\",\"publisher\":{\"@id\":\"https:\/\/mtrental.eu\/sk\/#organization\"},\"potentialAction\":[{\"@type\":\"SearchAction\",\"target\":{\"@type\":\"EntryPoint\",\"urlTemplate\":\"https:\/\/mtrental.eu\/sk\/?s={search_term_string}\"},\"query-input\":\"required name=search_term_string\"}],\"inLanguage\":\"sk-SK\"},{\"@type\":\"Organization\",\"@id\":\"https:\/\/mtrental.eu\/sk\/#organization\",\"name\":\"MTrental.eu | Pr\u00e9miov\u00e1 autopo\u017ei\u010dov\u0148a\",\"url\":\"https:\/\/mtrental.eu\/sk\/\",\"logo\":{\"@type\":\"ImageObject\",\"inLanguage\":\"sk-SK\",\"@id\":\"https:\/\/mtrental.eu\/sk\/#\/schema\/logo\/image\/\",\"url\":\"https:\/\/mtrental.eu\/wp-content\/uploads\/2019\/04\/cropped-IMG_0070.jpg\",\"contentUrl\":\"https:\/\/mtrental.eu\/wp-content\/uploads\/2019\/04\/cropped-IMG_0070.jpg\",\"width\":477,\"height\":250,\"caption\":\"MTrental.eu | Pr\u00e9miov\u00e1 autopo\u017ei\u010dov\u0148a \"},\"image\":{\"@id\":\"https:\/\/mtrental.eu\/sk\/#\/schema\/logo\/image\/\"},\"sameAs\":[\"https:\/\/www.facebook.com\/autoprenajom\/\"]}]}<\/script>\n<!-- \/ Yoast SEO plugin. -->","yoast_head_json":{"title":"Svadobn\u00e9 aut\u00e1 | MTrental.eu | Pr\u00e9miov\u00e1 autopo\u017ei\u010dov\u0148a","description":"Chyst\u00e1 sa svadba? Svadba je najv\u00fdznamnej\u0161\u00edm d\u0148om v \u017eivote nevesty a \u017een\u00edcha. De\u0148 D potrebuje ma\u0165 aj najlep\u0161ie auto. Vyberte si z na\u0161ej ponuky svadobn\u00fdch \u00e1ut. Rezervujte online alebo telefonicky. Ak m\u00e1te ot\u00e1zky \u010di potrebujete poradi\u0165 s v\u00fdberom zavolajte n\u00e1m na\u00a0+421 917 233 447","robots":{"index":"index","follow":"follow","max-snippet":"max-snippet:-1","max-image-preview":"max-image-preview:large","max-video-preview":"max-video-preview:-1"},"canonical":"https:\/\/mtrental.eu\/sk\/svadobne-auta\/","og_locale":"sk_SK","og_type":"article","og_title":"Svadobn\u00e9 aut\u00e1 | MTrental.eu | Pr\u00e9miov\u00e1 autopo\u017ei\u010dov\u0148a","og_description":"Chyst\u00e1 sa svadba? Svadba je najv\u00fdznamnej\u0161\u00edm d\u0148om v \u017eivote nevesty a \u017een\u00edcha. De\u0148 D potrebuje ma\u0165 aj najlep\u0161ie auto. Vyberte si z na\u0161ej ponuky svadobn\u00fdch \u00e1ut. Rezervujte online alebo telefonicky. Ak m\u00e1te ot\u00e1zky \u010di potrebujete poradi\u0165 s v\u00fdberom zavolajte n\u00e1m na\u00a0+421 917 233 447","og_url":"https:\/\/mtrental.eu\/sk\/svadobne-auta\/","og_site_name":"MTrental.eu | Pr\u00e9miov\u00e1 autopo\u017ei\u010dov\u0148a","article_publisher":"https:\/\/www.facebook.com\/autoprenajom\/","article_modified_time":"2022-12-04T11:03:40+00:00","twitter_card":"summary_large_image","schema":{"@context":"https:\/\/schema.org","@graph":[{"@type":"WebPage","@id":"https:\/\/mtrental.eu\/sk\/svadobne-auta\/","url":"https:\/\/mtrental.eu\/sk\/svadobne-auta\/","name":"Svadobn\u00e9 aut\u00e1 | MTrental.eu | Pr\u00e9miov\u00e1 autopo\u017ei\u010dov\u0148a","isPartOf":{"@id":"https:\/\/mtrental.eu\/sk\/#website"},"datePublished":"2018-10-30T11:10:45+00:00","dateModified":"2022-12-04T11:03:40+00:00","description":"Chyst\u00e1 sa svadba? Svadba je najv\u00fdznamnej\u0161\u00edm d\u0148om v \u017eivote nevesty a \u017een\u00edcha. De\u0148 D potrebuje ma\u0165 aj najlep\u0161ie auto. Vyberte si z na\u0161ej ponuky svadobn\u00fdch \u00e1ut. Rezervujte online alebo telefonicky. Ak m\u00e1te ot\u00e1zky \u010di potrebujete poradi\u0165 s v\u00fdberom zavolajte n\u00e1m na\u00a0+421 917 233 447","breadcrumb":{"@id":"https:\/\/mtrental.eu\/sk\/svadobne-auta\/#breadcrumb"},"inLanguage":"sk-SK","potentialAction":[{"@type":"ReadAction","target":["https:\/\/mtrental.eu\/sk\/svadobne-auta\/"]}]},{"@type":"BreadcrumbList","@id":"https:\/\/mtrental.eu\/sk\/svadobne-auta\/#breadcrumb","itemListElement":[{"@type":"ListItem","position":1,"name":"Home","item":"https:\/\/mtrental.eu\/sk\/home\/"},{"@type":"ListItem","position":2,"name":"Svadobn\u00e9 aut\u00e1"}]},{"@type":"WebSite","@id":"https:\/\/mtrental.eu\/sk\/#website","url":"https:\/\/mtrental.eu\/sk\/","name":"MTrental.eu | Pr\u00e9miov\u00e1 autopo\u017ei\u010dov\u0148a","description":"MTrental.eu - Premium car rental","publisher":{"@id":"https:\/\/mtrental.eu\/sk\/#organization"},"potentialAction":[{"@type":"SearchAction","target":{"@type":"EntryPoint","urlTemplate":"https:\/\/mtrental.eu\/sk\/?s={search_term_string}"},"query-input":"required name=search_term_string"}],"inLanguage":"sk-SK"},{"@type":"Organization","@id":"https:\/\/mtrental.eu\/sk\/#organization","name":"MTrental.eu | Pr\u00e9miov\u00e1 autopo\u017ei\u010dov\u0148a","url":"https:\/\/mtrental.eu\/sk\/","logo":{"@type":"ImageObject","inLanguage":"sk-SK","@id":"https:\/\/mtrental.eu\/sk\/#\/schema\/logo\/image\/","url":"https:\/\/mtrental.eu\/wp-content\/uploads\/2019\/04\/cropped-IMG_0070.jpg","contentUrl":"https:\/\/mtrental.eu\/wp-content\/uploads\/2019\/04\/cropped-IMG_0070.jpg","width":477,"height":250,"caption":"MTrental.eu | Pr\u00e9miov\u00e1 autopo\u017ei\u010dov\u0148a "},"image":{"@id":"https:\/\/mtrental.eu\/sk\/#\/schema\/logo\/image\/"},"sameAs":["https:\/\/www.facebook.com\/autoprenajom\/"]}]}},"_links":{"self":[{"href":"https:\/\/mtrental.eu\/sk\/wp-json\/wp\/v2\/pages\/630"}],"collection":[{"href":"https:\/\/mtrental.eu\/sk\/wp-json\/wp\/v2\/pages"}],"about":[{"href":"https:\/\/mtrental.eu\/sk\/wp-json\/wp\/v2\/types\/page"}],"author":[{"embeddable":true,"href":"https:\/\/mtrental.eu\/sk\/wp-json\/wp\/v2\/users\/1"}],"replies":[{"embeddable":true,"href":"https:\/\/mtrental.eu\/sk\/wp-json\/wp\/v2\/comments?post=630"}],"version-history":[{"count":1,"href":"https:\/\/mtrental.eu\/sk\/wp-json\/wp\/v2\/pages\/630\/revisions"}],"predecessor-version":[{"id":1060,"href":"https:\/\/mtrental.eu\/sk\/wp-json\/wp\/v2\/pages\/630\/revisions\/1060"}],"wp:attachment":[{"href":"https:\/\/mtrental.eu\/sk\/wp-json\/wp\/v2\/media?parent=630"}],"curies":[{"name":"wp","href":"https:\/\/api.w.org\/{rel}","templated":true}]}}