{"id":604,"date":"2018-10-30T12:03:53","date_gmt":"2018-10-30T11:03:53","guid":{"rendered":"https:\/\/mtrental.eu\/economy-class\/"},"modified":"2022-12-04T11:56:59","modified_gmt":"2022-12-04T10:56:59","slug":"ekonomicka-trieda","status":"publish","type":"page","link":"https:\/\/mtrental.eu\/sk\/ekonomicka-trieda\/","title":{"rendered":"Ekonomick\u00e1 trieda"},"content":{"rendered":"<p>Vyberte si z rozmanitej ponuky na\u0161ich \u00e1ut na pren\u00e1jom z ekonomickej triedy. V\u00e4\u010d\u0161ina na\u0161ich \u00e1ut s\u00fa zna\u010dky Mercedes. Ak preferujete nie\u010do in\u00e9, v ponuke m\u00e1me \u010fal\u0161ie popul\u00e1rne zna\u010dky. Nev\u00e1hajte, prezrite si na\u0161e aut\u00e1 a rezervujte si online alebo n\u00e1m zavolajte na\u00a0 <a href=\"tel:+421 917 233 447\">+421 908 925 204<\/a><\/p>\n<!-- BEGIN .fleet-block-wrapper -->\r\n<div class=\"fleet-block-wrapper fleet-3-cols clearfix\">\r\n<h4><div class=\"item-type-label\">Economy class<\/div><\/h4><div class=\"row\">    <!-- BEGIN .fleet-block -->\n    <div class=\"fleet-block\">\n                <div class=\"fleet-block-image\">\n            <a href=\"https:\/\/mtrental.eu\/sk\/auto\/skoda-fabia-2024\/\"><img decoding=\"async\" src=\"https:\/\/mtrental.eu\/wp-content\/uploads\/CarRentalGallery\/thumb_skoda_fabia_2024_black.jpg\" alt=\"\u0160koda Fabia 2024 \" \/><\/a>\n        <\/div>\n                <div class=\"fleet-block-content\">\n            <div class=\"fleet-price\">Cena od   29 EUR \/ De\u0148<\/div>\n            <h4>\n                <a href=\"https:\/\/mtrental.eu\/car\/skoda-fabia-2024\/\" title=\"Zobrazi\u0165 popis vozu\">\u0160koda Fabia 2024<\/a>            <\/h4>\n            <div class=\"title-block3\"><\/div>\n            <ul class=\"list-style4\">\n                                        <li>\n                            <i class=\"fa fa-tachometer\"><\/i>\n                            <span class=\"highlight\"> Palivo:<\/span> Benz\u00edn                            \n                        <\/li>\n                \n                                        <li>\n                            <i class=\"fa fa-car\"><\/i>\n                            <span class=\"highlight\">Kateg\u00f3ria:<\/span> Ekonomick\u00e1 trieda                          \n                        <\/li>\n                \n                                        <li>\n                        <i class=\"fa fa-cogs\"><\/i>\n                        <span class=\"highlight\">Prevodovka:<\/span> Automatick\u00e1                            \n                        <\/li>\n\n                \n                \n                \n            <\/ul>\n        <\/div>\n    <!-- END .fleet-block -->\n    <\/div>\n\n\n\n    <!-- BEGIN .fleet-block -->\n    <div class=\"fleet-block\">\n                <div class=\"fleet-block-image\">\n            <a href=\"https:\/\/mtrental.eu\/sk\/auto\/skoda-citygo\/\"><img decoding=\"async\" src=\"https:\/\/mtrental.eu\/wp-content\/uploads\/CarRentalGallery\/thumb_1535812399_citigo-slider-overlay-528x300.png\" alt=\"\u0160koda Citygo \" \/><\/a>\n        <\/div>\n                <div class=\"fleet-block-content\">\n            <div class=\"fleet-price\">Cena od   30 EUR \/ De\u0148<\/div>\n            <h4>\n                <a href=\"https:\/\/mtrental.eu\/car\/skoda-citygo\/\" title=\"Zobrazi\u0165 popis vozu\">\u0160koda Citygo<\/a>            <\/h4>\n            <div class=\"title-block3\"><\/div>\n            <ul class=\"list-style4\">\n                                        <li>\n                            <i class=\"fa fa-tachometer\"><\/i>\n                            <span class=\"highlight\"> Palivo:<\/span> Benz\u00edn                            \n                        <\/li>\n                \n                                        <li>\n                            <i class=\"fa fa-car\"><\/i>\n                            <span class=\"highlight\">Kateg\u00f3ria:<\/span> Ekonomick\u00e1 trieda                          \n                        <\/li>\n                \n                                        <li>\n                        <i class=\"fa fa-cogs\"><\/i>\n                        <span class=\"highlight\">Prevodovka:<\/span> Automatick\u00e1                            \n                        <\/li>\n\n                \n                \n                                        <li>\n                        <i class=\"fa fa-users\"><\/i>\n                        <span class=\"highlight\">Max. po\u010det cestuj\u00facich:<\/span> 4                        <\/li>\n                \n            <\/ul>\n        <\/div>\n    <!-- END .fleet-block -->\n    <\/div>\n\n\n\n    <!-- BEGIN .fleet-block -->\n    <div class=\"fleet-block\">\n                <div class=\"fleet-block-image\">\n            <a href=\"https:\/\/mtrental.eu\/sk\/auto\/bmw-bmw-x4-2021\/\"><img decoding=\"async\" src=\"https:\/\/mtrental.eu\/wp-content\/uploads\/CarRentalGallery\/thumb_BMW_X4_2021_black.jpg\" alt=\"BMW X4 2021 \" \/><\/a>\n        <\/div>\n                <div class=\"fleet-block-content\">\n            <div class=\"fleet-price\">Cena od   78 EUR \/ De\u0148<\/div>\n            <h4>\n                <a href=\"https:\/\/mtrental.eu\/car\/bmw-bmw-x4-2021\/\" title=\"Zobrazi\u0165 popis vozu\">BMW X4 2021<\/a>            <\/h4>\n            <div class=\"title-block3\"><\/div>\n            <ul class=\"list-style4\">\n                                        <li>\n                            <i class=\"fa fa-tachometer\"><\/i>\n                            <span class=\"highlight\"> Palivo:<\/span> Diesel                            \n                        <\/li>\n                \n                                        <li>\n                            <i class=\"fa fa-car\"><\/i>\n                            <span class=\"highlight\">Kateg\u00f3ria:<\/span> Ekonomick\u00e1 trieda                          \n                        <\/li>\n                \n                                        <li>\n                        <i class=\"fa fa-cogs\"><\/i>\n                        <span class=\"highlight\">Prevodovka:<\/span> Automatick\u00e1                            \n                        <\/li>\n\n                \n                \n                \n            <\/ul>\n        <\/div>\n    <!-- END .fleet-block -->\n    <\/div>\n\n\n\n<\/div><!-- END .fleet-block-wrapper -->\r\n<\/div>\r\n\n","protected":false},"excerpt":{"rendered":"<p>Vyberte si z rozmanitej ponuky na\u0161ich \u00e1ut na pren\u00e1jom z ekonomickej triedy. V\u00e4\u010d\u0161ina na\u0161ich \u00e1ut s\u00fa zna\u010dky Mercedes. Ak preferujete nie\u010do in\u00e9, v ponuke m\u00e1me \u010fal\u0161ie popul\u00e1rne zna\u010dky. Nev\u00e1hajte, prezrite si na\u0161e aut\u00e1 a rezervujte si online alebo n\u00e1m zavolajte [&hellip;]<\/p>\n","protected":false},"author":1,"featured_media":0,"parent":0,"menu_order":0,"comment_status":"closed","ping_status":"closed","template":"page-car_classes.php","meta":{"footnotes":""},"yoast_head":"<!-- This site is optimized with the Yoast SEO plugin v22.4 - https:\/\/yoast.com\/wordpress\/plugins\/seo\/ -->\n<title>Ekonomick\u00e1 trieda | MTrental.eu | Pr\u00e9miov\u00e1 autopo\u017ei\u010dov\u0148a<\/title>\n<meta name=\"description\" content=\"Vyberte si z rozmanitej ponuky na\u0161ich \u00e1ut na pren\u00e1jom z ekonomickej triedy. V\u00e4\u010d\u0161ina na\u0161ich \u00e1ut s\u00fa zna\u010dky Mercedes. Ak preferujete nie\u010do in\u00e9, v ponuke m\u00e1me \u010fal\u0161ie popul\u00e1rne zna\u010dky. Nev\u00e1hajte, prezrite si na\u0161e aut\u00e1 a rezervujte si online alebo n\u00e1m zavolajte na\u00a0 +421 917 233 447\" \/>\n<meta name=\"robots\" content=\"index, follow, max-snippet:-1, max-image-preview:large, max-video-preview:-1\" \/>\n<link rel=\"canonical\" href=\"https:\/\/mtrental.eu\/sk\/ekonomicka-trieda\/\" \/>\n<meta property=\"og:locale\" content=\"sk_SK\" \/>\n<meta property=\"og:type\" content=\"article\" \/>\n<meta property=\"og:title\" content=\"Ekonomick\u00e1 trieda | MTrental.eu | Pr\u00e9miov\u00e1 autopo\u017ei\u010dov\u0148a\" \/>\n<meta property=\"og:description\" content=\"Vyberte si z rozmanitej ponuky na\u0161ich \u00e1ut na pren\u00e1jom z ekonomickej triedy. V\u00e4\u010d\u0161ina na\u0161ich \u00e1ut s\u00fa zna\u010dky Mercedes. Ak preferujete nie\u010do in\u00e9, v ponuke m\u00e1me \u010fal\u0161ie popul\u00e1rne zna\u010dky. Nev\u00e1hajte, prezrite si na\u0161e aut\u00e1 a rezervujte si online alebo n\u00e1m zavolajte na\u00a0 +421 917 233 447\" \/>\n<meta property=\"og:url\" content=\"https:\/\/mtrental.eu\/sk\/ekonomicka-trieda\/\" \/>\n<meta property=\"og:site_name\" content=\"MTrental.eu | Pr\u00e9miov\u00e1 autopo\u017ei\u010dov\u0148a\" \/>\n<meta property=\"article:publisher\" content=\"https:\/\/www.facebook.com\/autoprenajom\/\" \/>\n<meta property=\"article:modified_time\" content=\"2022-12-04T10:56:59+00:00\" \/>\n<meta name=\"twitter:card\" content=\"summary_large_image\" \/>\n<script type=\"application\/ld+json\" class=\"yoast-schema-graph\">{\"@context\":\"https:\/\/schema.org\",\"@graph\":[{\"@type\":\"WebPage\",\"@id\":\"https:\/\/mtrental.eu\/sk\/ekonomicka-trieda\/\",\"url\":\"https:\/\/mtrental.eu\/sk\/ekonomicka-trieda\/\",\"name\":\"Ekonomick\u00e1 trieda | MTrental.eu | Pr\u00e9miov\u00e1 autopo\u017ei\u010dov\u0148a\",\"isPartOf\":{\"@id\":\"https:\/\/mtrental.eu\/sk\/#website\"},\"datePublished\":\"2018-10-30T11:03:53+00:00\",\"dateModified\":\"2022-12-04T10:56:59+00:00\",\"description\":\"Vyberte si z rozmanitej ponuky na\u0161ich \u00e1ut na pren\u00e1jom z ekonomickej triedy. V\u00e4\u010d\u0161ina na\u0161ich \u00e1ut s\u00fa zna\u010dky Mercedes. Ak preferujete nie\u010do in\u00e9, v ponuke m\u00e1me \u010fal\u0161ie popul\u00e1rne zna\u010dky. Nev\u00e1hajte, prezrite si na\u0161e aut\u00e1 a rezervujte si online alebo n\u00e1m zavolajte na\u00a0 +421 917 233 447\",\"breadcrumb\":{\"@id\":\"https:\/\/mtrental.eu\/sk\/ekonomicka-trieda\/#breadcrumb\"},\"inLanguage\":\"sk-SK\",\"potentialAction\":[{\"@type\":\"ReadAction\",\"target\":[\"https:\/\/mtrental.eu\/sk\/ekonomicka-trieda\/\"]}]},{\"@type\":\"BreadcrumbList\",\"@id\":\"https:\/\/mtrental.eu\/sk\/ekonomicka-trieda\/#breadcrumb\",\"itemListElement\":[{\"@type\":\"ListItem\",\"position\":1,\"name\":\"Home\",\"item\":\"https:\/\/mtrental.eu\/sk\/home\/\"},{\"@type\":\"ListItem\",\"position\":2,\"name\":\"Ekonomick\u00e1 trieda\"}]},{\"@type\":\"WebSite\",\"@id\":\"https:\/\/mtrental.eu\/sk\/#website\",\"url\":\"https:\/\/mtrental.eu\/sk\/\",\"name\":\"MTrental.eu | Pr\u00e9miov\u00e1 autopo\u017ei\u010dov\u0148a\",\"description\":\"MTrental.eu - Premium car rental\",\"publisher\":{\"@id\":\"https:\/\/mtrental.eu\/sk\/#organization\"},\"potentialAction\":[{\"@type\":\"SearchAction\",\"target\":{\"@type\":\"EntryPoint\",\"urlTemplate\":\"https:\/\/mtrental.eu\/sk\/?s={search_term_string}\"},\"query-input\":\"required name=search_term_string\"}],\"inLanguage\":\"sk-SK\"},{\"@type\":\"Organization\",\"@id\":\"https:\/\/mtrental.eu\/sk\/#organization\",\"name\":\"MTrental.eu | Pr\u00e9miov\u00e1 autopo\u017ei\u010dov\u0148a\",\"url\":\"https:\/\/mtrental.eu\/sk\/\",\"logo\":{\"@type\":\"ImageObject\",\"inLanguage\":\"sk-SK\",\"@id\":\"https:\/\/mtrental.eu\/sk\/#\/schema\/logo\/image\/\",\"url\":\"https:\/\/mtrental.eu\/wp-content\/uploads\/2019\/04\/cropped-IMG_0070.jpg\",\"contentUrl\":\"https:\/\/mtrental.eu\/wp-content\/uploads\/2019\/04\/cropped-IMG_0070.jpg\",\"width\":477,\"height\":250,\"caption\":\"MTrental.eu | Pr\u00e9miov\u00e1 autopo\u017ei\u010dov\u0148a \"},\"image\":{\"@id\":\"https:\/\/mtrental.eu\/sk\/#\/schema\/logo\/image\/\"},\"sameAs\":[\"https:\/\/www.facebook.com\/autoprenajom\/\"]}]}<\/script>\n<!-- \/ Yoast SEO plugin. -->","yoast_head_json":{"title":"Ekonomick\u00e1 trieda | MTrental.eu | Pr\u00e9miov\u00e1 autopo\u017ei\u010dov\u0148a","description":"Vyberte si z rozmanitej ponuky na\u0161ich \u00e1ut na pren\u00e1jom z ekonomickej triedy. V\u00e4\u010d\u0161ina na\u0161ich \u00e1ut s\u00fa zna\u010dky Mercedes. Ak preferujete nie\u010do in\u00e9, v ponuke m\u00e1me \u010fal\u0161ie popul\u00e1rne zna\u010dky. Nev\u00e1hajte, prezrite si na\u0161e aut\u00e1 a rezervujte si online alebo n\u00e1m zavolajte na\u00a0 +421 917 233 447","robots":{"index":"index","follow":"follow","max-snippet":"max-snippet:-1","max-image-preview":"max-image-preview:large","max-video-preview":"max-video-preview:-1"},"canonical":"https:\/\/mtrental.eu\/sk\/ekonomicka-trieda\/","og_locale":"sk_SK","og_type":"article","og_title":"Ekonomick\u00e1 trieda | MTrental.eu | Pr\u00e9miov\u00e1 autopo\u017ei\u010dov\u0148a","og_description":"Vyberte si z rozmanitej ponuky na\u0161ich \u00e1ut na pren\u00e1jom z ekonomickej triedy. V\u00e4\u010d\u0161ina na\u0161ich \u00e1ut s\u00fa zna\u010dky Mercedes. Ak preferujete nie\u010do in\u00e9, v ponuke m\u00e1me \u010fal\u0161ie popul\u00e1rne zna\u010dky. Nev\u00e1hajte, prezrite si na\u0161e aut\u00e1 a rezervujte si online alebo n\u00e1m zavolajte na\u00a0 +421 917 233 447","og_url":"https:\/\/mtrental.eu\/sk\/ekonomicka-trieda\/","og_site_name":"MTrental.eu | Pr\u00e9miov\u00e1 autopo\u017ei\u010dov\u0148a","article_publisher":"https:\/\/www.facebook.com\/autoprenajom\/","article_modified_time":"2022-12-04T10:56:59+00:00","twitter_card":"summary_large_image","schema":{"@context":"https:\/\/schema.org","@graph":[{"@type":"WebPage","@id":"https:\/\/mtrental.eu\/sk\/ekonomicka-trieda\/","url":"https:\/\/mtrental.eu\/sk\/ekonomicka-trieda\/","name":"Ekonomick\u00e1 trieda | MTrental.eu | Pr\u00e9miov\u00e1 autopo\u017ei\u010dov\u0148a","isPartOf":{"@id":"https:\/\/mtrental.eu\/sk\/#website"},"datePublished":"2018-10-30T11:03:53+00:00","dateModified":"2022-12-04T10:56:59+00:00","description":"Vyberte si z rozmanitej ponuky na\u0161ich \u00e1ut na pren\u00e1jom z ekonomickej triedy. V\u00e4\u010d\u0161ina na\u0161ich \u00e1ut s\u00fa zna\u010dky Mercedes. Ak preferujete nie\u010do in\u00e9, v ponuke m\u00e1me \u010fal\u0161ie popul\u00e1rne zna\u010dky. Nev\u00e1hajte, prezrite si na\u0161e aut\u00e1 a rezervujte si online alebo n\u00e1m zavolajte na\u00a0 +421 917 233 447","breadcrumb":{"@id":"https:\/\/mtrental.eu\/sk\/ekonomicka-trieda\/#breadcrumb"},"inLanguage":"sk-SK","potentialAction":[{"@type":"ReadAction","target":["https:\/\/mtrental.eu\/sk\/ekonomicka-trieda\/"]}]},{"@type":"BreadcrumbList","@id":"https:\/\/mtrental.eu\/sk\/ekonomicka-trieda\/#breadcrumb","itemListElement":[{"@type":"ListItem","position":1,"name":"Home","item":"https:\/\/mtrental.eu\/sk\/home\/"},{"@type":"ListItem","position":2,"name":"Ekonomick\u00e1 trieda"}]},{"@type":"WebSite","@id":"https:\/\/mtrental.eu\/sk\/#website","url":"https:\/\/mtrental.eu\/sk\/","name":"MTrental.eu | Pr\u00e9miov\u00e1 autopo\u017ei\u010dov\u0148a","description":"MTrental.eu - Premium car rental","publisher":{"@id":"https:\/\/mtrental.eu\/sk\/#organization"},"potentialAction":[{"@type":"SearchAction","target":{"@type":"EntryPoint","urlTemplate":"https:\/\/mtrental.eu\/sk\/?s={search_term_string}"},"query-input":"required name=search_term_string"}],"inLanguage":"sk-SK"},{"@type":"Organization","@id":"https:\/\/mtrental.eu\/sk\/#organization","name":"MTrental.eu | Pr\u00e9miov\u00e1 autopo\u017ei\u010dov\u0148a","url":"https:\/\/mtrental.eu\/sk\/","logo":{"@type":"ImageObject","inLanguage":"sk-SK","@id":"https:\/\/mtrental.eu\/sk\/#\/schema\/logo\/image\/","url":"https:\/\/mtrental.eu\/wp-content\/uploads\/2019\/04\/cropped-IMG_0070.jpg","contentUrl":"https:\/\/mtrental.eu\/wp-content\/uploads\/2019\/04\/cropped-IMG_0070.jpg","width":477,"height":250,"caption":"MTrental.eu | Pr\u00e9miov\u00e1 autopo\u017ei\u010dov\u0148a "},"image":{"@id":"https:\/\/mtrental.eu\/sk\/#\/schema\/logo\/image\/"},"sameAs":["https:\/\/www.facebook.com\/autoprenajom\/"]}]}},"_links":{"self":[{"href":"https:\/\/mtrental.eu\/sk\/wp-json\/wp\/v2\/pages\/604"}],"collection":[{"href":"https:\/\/mtrental.eu\/sk\/wp-json\/wp\/v2\/pages"}],"about":[{"href":"https:\/\/mtrental.eu\/sk\/wp-json\/wp\/v2\/types\/page"}],"author":[{"embeddable":true,"href":"https:\/\/mtrental.eu\/sk\/wp-json\/wp\/v2\/users\/1"}],"replies":[{"embeddable":true,"href":"https:\/\/mtrental.eu\/sk\/wp-json\/wp\/v2\/comments?post=604"}],"version-history":[{"count":1,"href":"https:\/\/mtrental.eu\/sk\/wp-json\/wp\/v2\/pages\/604\/revisions"}],"predecessor-version":[{"id":1054,"href":"https:\/\/mtrental.eu\/sk\/wp-json\/wp\/v2\/pages\/604\/revisions\/1054"}],"wp:attachment":[{"href":"https:\/\/mtrental.eu\/sk\/wp-json\/wp\/v2\/media?parent=604"}],"curies":[{"name":"wp","href":"https:\/\/api.w.org\/{rel}","templated":true}]}}