{"id":321,"date":"2018-08-17T10:03:41","date_gmt":"2018-08-17T08:03:41","guid":{"rendered":"http:\/\/mtrental.eu\/personal-transport\/"},"modified":"2018-09-14T10:44:55","modified_gmt":"2018-09-14T08:44:55","slug":"osobna-preprava","status":"publish","type":"page","link":"https:\/\/mtrental.eu\/sk\/osobna-preprava\/","title":{"rendered":"Osobn\u00e1 preprava"},"content":{"rendered":"<div class=\"table-wrapper tabulka-cennik\">\n<table>\n<thead>\n<tr class=\"obrazteky\">\n<td><\/td>\n<td><img decoding=\"async\" src=\"https:\/\/mtrental.eu\/wp-content\/themes\/mtrental\/images\/e-class.png\" alt=\"mercedes e-class\" \/><\/td>\n<td><img decoding=\"async\" src=\"https:\/\/mtrental.eu\/wp-content\/themes\/mtrental\/images\/s-class.png\" alt=\"mercedes s-class\" \/><\/td>\n<td><img decoding=\"async\" src=\"https:\/\/mtrental.eu\/wp-content\/themes\/mtrental\/images\/v-class.png\" alt=\"mercedes v-class\" \/><\/td>\n<\/tr>\n<tr>\n<th rowspan=\"2\">Cenn\u00edk<\/th>\n<th rowspan=\"2\">E class<\/p>\n<p>1 &#8211; 3 osoby<\/th>\n<th rowspan=\"2\">S class<\/p>\n<p>1 &#8211; 3 osoby<\/th>\n<th rowspan=\"2\">V class<\/p>\n<p>4 &#8211; 7 os\u00f4b<\/th>\n<\/tr>\n<\/thead>\n<tbody>\n<tr>\n<td>Bratislava \u21c4 Bratislava Letisko<\/td>\n<td>24 \u20ac<\/td>\n<td>39 \u20ac<\/td>\n<td>35 \u20ac<\/td>\n<\/tr>\n<tr>\n<td>Bratislava \u21c4 Viede\u0148 Letisko<\/td>\n<td>59 \u20ac<\/td>\n<td>89 \u20ac<\/td>\n<td>79 \u20ac<\/td>\n<\/tr>\n<tr>\n<td>Bratislava \u21c4 Viede\u0148<\/td>\n<td>79 \u20ac<\/td>\n<td>119 \u20ac<\/td>\n<td>99 \u20ac<\/td>\n<\/tr>\n<tr>\n<td>Bratislava \u21c4 Praha<\/td>\n<td>289 \u20ac<\/td>\n<td>399 \u20ac<\/td>\n<td>339 \u20ac<\/td>\n<\/tr>\n<tr>\n<td>Bratislava \u21c4 Budapest<\/td>\n<td>189 \u20ac<\/td>\n<td>279 \u20ac<\/td>\n<td>229 \u20ac<\/td>\n<\/tr>\n<tr>\n<td>Bratislava \u21c4 Brno<\/td>\n<td>100 \u20ac<\/td>\n<td>120 \u20ac<\/td>\n<td>100 \u20ac<\/td>\n<\/tr>\n<tr>\n<td>Bratislava \u21c4 Salzburg<\/td>\n<td>300 \u20ac<\/td>\n<td>450 \u20ac<\/td>\n<td>350 \u20ac<\/td>\n<\/tr>\n<tr>\n<td>Bratislava \u21c4 Zell am SEE<\/td>\n<td>300 \u20ac<\/td>\n<td>450 \u20ac<\/td>\n<td>350 \u20ac<\/td>\n<\/tr>\n<tr>\n<td>Bratislava \u21c4 Mn\u00edchov<\/td>\n<td>400 \u20ac<\/td>\n<td>650 \u20ac<\/td>\n<td>480 \u20ac<\/td>\n<\/tr>\n<tr>\n<td>Bratislava \u21c4 Zurich<\/td>\n<td>600 \u20ac<\/td>\n<td>850 \u20ac<\/td>\n<td>720 \u20ac<\/td>\n<\/tr>\n<tr>\n<td>Bratislava \u21c4 Nice<\/td>\n<td>1200 \u20ac<\/td>\n<td>1800 \u20ac<\/td>\n<td>1350 \u20ac<\/td>\n<\/tr>\n<\/tbody>\n<\/table>\n<\/div>\n<p>MTrental poskytuje prepravn\u00e9 slu\u017eby prisp\u00f4soben\u00e9 na mieru svojim z\u00e1kazn\u00edkom.<\/p>\n<p>Zabezpe\u010dujeme:<\/p>\n<p>\u2022 osobn\u00fa prepravu kdeko\u013evek v EU<br \/>\n\u2022 letiskov\u00e1 osobn\u00e1 preprava: Bratislava, Viede\u0148, Budapes\u0165, Brno, Praha a in\u00e9<br \/>\n\u2022 osobn\u00e1 preprava pre spolo\u010dnosti, ich zamestnancov, biznis partnerov, pracovn\u00e9 v\u00fdlety, v\u00ednne cesty a mnoh\u00e9 in\u00e9..<br \/>\n\u2022 limuz\u00edny pre svadby<\/p>\n<p>&nbsp;<\/p>\n","protected":false},"excerpt":{"rendered":"<p>Cenn\u00edk E class 1 &#8211; 3 osoby S class 1 &#8211; 3 osoby V class 4 &#8211; 7 os\u00f4b Bratislava \u21c4 Bratislava Letisko 24 \u20ac 39 \u20ac 35 \u20ac Bratislava \u21c4 Viede\u0148 Letisko 59 \u20ac 89 \u20ac 79 \u20ac Bratislava [&hellip;]<\/p>\n","protected":false},"author":1,"featured_media":0,"parent":0,"menu_order":0,"comment_status":"closed","ping_status":"closed","template":"page-personal-transport.php","meta":{"footnotes":""},"yoast_head":"<!-- This site is optimized with the Yoast SEO plugin v22.4 - https:\/\/yoast.com\/wordpress\/plugins\/seo\/ -->\n<title>Osobn\u00e1 preprava | MTrental.eu | Pr\u00e9miov\u00e1 autopo\u017ei\u010dov\u0148a<\/title>\n<meta name=\"description\" content=\"Pon\u00fakame slu\u017eby osobnej prepravy s luxusn\u00fdmi vozidlami, kedyko\u013evek a kamko\u013evek. Vypl\u0148te nez\u00e1v\u00e4zn\u00fa objedn\u00e1vku a my sa V\u00e1m o chv\u00ed\u013eu ozveme.\" \/>\n<meta name=\"robots\" content=\"index, follow, max-snippet:-1, max-image-preview:large, max-video-preview:-1\" \/>\n<link rel=\"canonical\" href=\"https:\/\/mtrental.eu\/sk\/osobna-preprava\/\" \/>\n<meta property=\"og:locale\" content=\"sk_SK\" \/>\n<meta property=\"og:type\" content=\"article\" \/>\n<meta property=\"og:title\" content=\"Osobn\u00e1 preprava | MTrental.eu | Pr\u00e9miov\u00e1 autopo\u017ei\u010dov\u0148a\" \/>\n<meta property=\"og:description\" content=\"Pon\u00fakame slu\u017eby osobnej prepravy s luxusn\u00fdmi vozidlami, kedyko\u013evek a kamko\u013evek. Vypl\u0148te nez\u00e1v\u00e4zn\u00fa objedn\u00e1vku a my sa V\u00e1m o chv\u00ed\u013eu ozveme.\" \/>\n<meta property=\"og:url\" content=\"https:\/\/mtrental.eu\/sk\/osobna-preprava\/\" \/>\n<meta property=\"og:site_name\" content=\"MTrental.eu | Pr\u00e9miov\u00e1 autopo\u017ei\u010dov\u0148a\" \/>\n<meta property=\"article:publisher\" content=\"https:\/\/www.facebook.com\/autoprenajom\/\" \/>\n<meta property=\"article:modified_time\" content=\"2018-09-14T08:44:55+00:00\" \/>\n<meta property=\"og:image\" content=\"https:\/\/mtrental.eu\/wp-content\/themes\/mtrental\/images\/e-class.png\" \/>\n<meta name=\"twitter:card\" content=\"summary_large_image\" \/>\n<script type=\"application\/ld+json\" class=\"yoast-schema-graph\">{\"@context\":\"https:\/\/schema.org\",\"@graph\":[{\"@type\":\"WebPage\",\"@id\":\"https:\/\/mtrental.eu\/sk\/osobna-preprava\/\",\"url\":\"https:\/\/mtrental.eu\/sk\/osobna-preprava\/\",\"name\":\"Osobn\u00e1 preprava | MTrental.eu | Pr\u00e9miov\u00e1 autopo\u017ei\u010dov\u0148a\",\"isPartOf\":{\"@id\":\"https:\/\/mtrental.eu\/sk\/#website\"},\"primaryImageOfPage\":{\"@id\":\"https:\/\/mtrental.eu\/sk\/osobna-preprava\/#primaryimage\"},\"image\":{\"@id\":\"https:\/\/mtrental.eu\/sk\/osobna-preprava\/#primaryimage\"},\"thumbnailUrl\":\"https:\/\/mtrental.eu\/wp-content\/themes\/mtrental\/images\/e-class.png\",\"datePublished\":\"2018-08-17T08:03:41+00:00\",\"dateModified\":\"2018-09-14T08:44:55+00:00\",\"description\":\"Pon\u00fakame slu\u017eby osobnej prepravy s luxusn\u00fdmi vozidlami, kedyko\u013evek a kamko\u013evek. Vypl\u0148te nez\u00e1v\u00e4zn\u00fa objedn\u00e1vku a my sa V\u00e1m o chv\u00ed\u013eu ozveme.\",\"breadcrumb\":{\"@id\":\"https:\/\/mtrental.eu\/sk\/osobna-preprava\/#breadcrumb\"},\"inLanguage\":\"sk-SK\",\"potentialAction\":[{\"@type\":\"ReadAction\",\"target\":[\"https:\/\/mtrental.eu\/sk\/osobna-preprava\/\"]}]},{\"@type\":\"ImageObject\",\"inLanguage\":\"sk-SK\",\"@id\":\"https:\/\/mtrental.eu\/sk\/osobna-preprava\/#primaryimage\",\"url\":\"https:\/\/mtrental.eu\/wp-content\/themes\/mtrental\/images\/e-class.png\",\"contentUrl\":\"https:\/\/mtrental.eu\/wp-content\/themes\/mtrental\/images\/e-class.png\"},{\"@type\":\"BreadcrumbList\",\"@id\":\"https:\/\/mtrental.eu\/sk\/osobna-preprava\/#breadcrumb\",\"itemListElement\":[{\"@type\":\"ListItem\",\"position\":1,\"name\":\"Home\",\"item\":\"https:\/\/mtrental.eu\/sk\/home\/\"},{\"@type\":\"ListItem\",\"position\":2,\"name\":\"Osobn\u00e1 preprava\"}]},{\"@type\":\"WebSite\",\"@id\":\"https:\/\/mtrental.eu\/sk\/#website\",\"url\":\"https:\/\/mtrental.eu\/sk\/\",\"name\":\"MTrental.eu | Pr\u00e9miov\u00e1 autopo\u017ei\u010dov\u0148a\",\"description\":\"MTrental.eu - Premium car rental\",\"publisher\":{\"@id\":\"https:\/\/mtrental.eu\/sk\/#organization\"},\"potentialAction\":[{\"@type\":\"SearchAction\",\"target\":{\"@type\":\"EntryPoint\",\"urlTemplate\":\"https:\/\/mtrental.eu\/sk\/?s={search_term_string}\"},\"query-input\":\"required name=search_term_string\"}],\"inLanguage\":\"sk-SK\"},{\"@type\":\"Organization\",\"@id\":\"https:\/\/mtrental.eu\/sk\/#organization\",\"name\":\"MTrental.eu | Pr\u00e9miov\u00e1 autopo\u017ei\u010dov\u0148a\",\"url\":\"https:\/\/mtrental.eu\/sk\/\",\"logo\":{\"@type\":\"ImageObject\",\"inLanguage\":\"sk-SK\",\"@id\":\"https:\/\/mtrental.eu\/sk\/#\/schema\/logo\/image\/\",\"url\":\"https:\/\/mtrental.eu\/wp-content\/uploads\/2019\/04\/cropped-IMG_0070.jpg\",\"contentUrl\":\"https:\/\/mtrental.eu\/wp-content\/uploads\/2019\/04\/cropped-IMG_0070.jpg\",\"width\":477,\"height\":250,\"caption\":\"MTrental.eu | Pr\u00e9miov\u00e1 autopo\u017ei\u010dov\u0148a \"},\"image\":{\"@id\":\"https:\/\/mtrental.eu\/sk\/#\/schema\/logo\/image\/\"},\"sameAs\":[\"https:\/\/www.facebook.com\/autoprenajom\/\"]}]}<\/script>\n<!-- \/ Yoast SEO plugin. -->","yoast_head_json":{"title":"Osobn\u00e1 preprava | MTrental.eu | Pr\u00e9miov\u00e1 autopo\u017ei\u010dov\u0148a","description":"Pon\u00fakame slu\u017eby osobnej prepravy s luxusn\u00fdmi vozidlami, kedyko\u013evek a kamko\u013evek. Vypl\u0148te nez\u00e1v\u00e4zn\u00fa objedn\u00e1vku a my sa V\u00e1m o chv\u00ed\u013eu ozveme.","robots":{"index":"index","follow":"follow","max-snippet":"max-snippet:-1","max-image-preview":"max-image-preview:large","max-video-preview":"max-video-preview:-1"},"canonical":"https:\/\/mtrental.eu\/sk\/osobna-preprava\/","og_locale":"sk_SK","og_type":"article","og_title":"Osobn\u00e1 preprava | MTrental.eu | Pr\u00e9miov\u00e1 autopo\u017ei\u010dov\u0148a","og_description":"Pon\u00fakame slu\u017eby osobnej prepravy s luxusn\u00fdmi vozidlami, kedyko\u013evek a kamko\u013evek. Vypl\u0148te nez\u00e1v\u00e4zn\u00fa objedn\u00e1vku a my sa V\u00e1m o chv\u00ed\u013eu ozveme.","og_url":"https:\/\/mtrental.eu\/sk\/osobna-preprava\/","og_site_name":"MTrental.eu | Pr\u00e9miov\u00e1 autopo\u017ei\u010dov\u0148a","article_publisher":"https:\/\/www.facebook.com\/autoprenajom\/","article_modified_time":"2018-09-14T08:44:55+00:00","og_image":[{"url":"https:\/\/mtrental.eu\/wp-content\/themes\/mtrental\/images\/e-class.png"}],"twitter_card":"summary_large_image","schema":{"@context":"https:\/\/schema.org","@graph":[{"@type":"WebPage","@id":"https:\/\/mtrental.eu\/sk\/osobna-preprava\/","url":"https:\/\/mtrental.eu\/sk\/osobna-preprava\/","name":"Osobn\u00e1 preprava | MTrental.eu | Pr\u00e9miov\u00e1 autopo\u017ei\u010dov\u0148a","isPartOf":{"@id":"https:\/\/mtrental.eu\/sk\/#website"},"primaryImageOfPage":{"@id":"https:\/\/mtrental.eu\/sk\/osobna-preprava\/#primaryimage"},"image":{"@id":"https:\/\/mtrental.eu\/sk\/osobna-preprava\/#primaryimage"},"thumbnailUrl":"https:\/\/mtrental.eu\/wp-content\/themes\/mtrental\/images\/e-class.png","datePublished":"2018-08-17T08:03:41+00:00","dateModified":"2018-09-14T08:44:55+00:00","description":"Pon\u00fakame slu\u017eby osobnej prepravy s luxusn\u00fdmi vozidlami, kedyko\u013evek a kamko\u013evek. Vypl\u0148te nez\u00e1v\u00e4zn\u00fa objedn\u00e1vku a my sa V\u00e1m o chv\u00ed\u013eu ozveme.","breadcrumb":{"@id":"https:\/\/mtrental.eu\/sk\/osobna-preprava\/#breadcrumb"},"inLanguage":"sk-SK","potentialAction":[{"@type":"ReadAction","target":["https:\/\/mtrental.eu\/sk\/osobna-preprava\/"]}]},{"@type":"ImageObject","inLanguage":"sk-SK","@id":"https:\/\/mtrental.eu\/sk\/osobna-preprava\/#primaryimage","url":"https:\/\/mtrental.eu\/wp-content\/themes\/mtrental\/images\/e-class.png","contentUrl":"https:\/\/mtrental.eu\/wp-content\/themes\/mtrental\/images\/e-class.png"},{"@type":"BreadcrumbList","@id":"https:\/\/mtrental.eu\/sk\/osobna-preprava\/#breadcrumb","itemListElement":[{"@type":"ListItem","position":1,"name":"Home","item":"https:\/\/mtrental.eu\/sk\/home\/"},{"@type":"ListItem","position":2,"name":"Osobn\u00e1 preprava"}]},{"@type":"WebSite","@id":"https:\/\/mtrental.eu\/sk\/#website","url":"https:\/\/mtrental.eu\/sk\/","name":"MTrental.eu | Pr\u00e9miov\u00e1 autopo\u017ei\u010dov\u0148a","description":"MTrental.eu - Premium car rental","publisher":{"@id":"https:\/\/mtrental.eu\/sk\/#organization"},"potentialAction":[{"@type":"SearchAction","target":{"@type":"EntryPoint","urlTemplate":"https:\/\/mtrental.eu\/sk\/?s={search_term_string}"},"query-input":"required name=search_term_string"}],"inLanguage":"sk-SK"},{"@type":"Organization","@id":"https:\/\/mtrental.eu\/sk\/#organization","name":"MTrental.eu | Pr\u00e9miov\u00e1 autopo\u017ei\u010dov\u0148a","url":"https:\/\/mtrental.eu\/sk\/","logo":{"@type":"ImageObject","inLanguage":"sk-SK","@id":"https:\/\/mtrental.eu\/sk\/#\/schema\/logo\/image\/","url":"https:\/\/mtrental.eu\/wp-content\/uploads\/2019\/04\/cropped-IMG_0070.jpg","contentUrl":"https:\/\/mtrental.eu\/wp-content\/uploads\/2019\/04\/cropped-IMG_0070.jpg","width":477,"height":250,"caption":"MTrental.eu | Pr\u00e9miov\u00e1 autopo\u017ei\u010dov\u0148a "},"image":{"@id":"https:\/\/mtrental.eu\/sk\/#\/schema\/logo\/image\/"},"sameAs":["https:\/\/www.facebook.com\/autoprenajom\/"]}]}},"_links":{"self":[{"href":"https:\/\/mtrental.eu\/sk\/wp-json\/wp\/v2\/pages\/321"}],"collection":[{"href":"https:\/\/mtrental.eu\/sk\/wp-json\/wp\/v2\/pages"}],"about":[{"href":"https:\/\/mtrental.eu\/sk\/wp-json\/wp\/v2\/types\/page"}],"author":[{"embeddable":true,"href":"https:\/\/mtrental.eu\/sk\/wp-json\/wp\/v2\/users\/1"}],"replies":[{"embeddable":true,"href":"https:\/\/mtrental.eu\/sk\/wp-json\/wp\/v2\/comments?post=321"}],"version-history":[{"count":0,"href":"https:\/\/mtrental.eu\/sk\/wp-json\/wp\/v2\/pages\/321\/revisions"}],"wp:attachment":[{"href":"https:\/\/mtrental.eu\/sk\/wp-json\/wp\/v2\/media?parent=321"}],"curies":[{"name":"wp","href":"https:\/\/api.w.org\/{rel}","templated":true}]}}